{"id":594,"date":"2020-08-12T14:04:55","date_gmt":"2020-08-12T14:04:55","guid":{"rendered":"http:\/\/asca.ro\/?page_id=594"},"modified":"2026-03-28T00:40:58","modified_gmt":"2026-03-27T22:40:58","slug":"povestea-noastra","status":"publish","type":"page","link":"https:\/\/asca.ro\/ro\/povestea-noastra\/","title":{"rendered":"Povestea Noastr\u0103"},"content":{"rendered":"<p style=\"text-align: center;\" align=\"center\"><strong>Povestea noastra<\/strong><\/p>\n<p style=\"text-align: center;\" align=\"center\"><strong>\u00a0 \u00a0 \u00a0 \u00a0 Suntem o asociatie din orasul Medias jud Sibiu compusa din \u00a0p\u0103rin\u021bi a copiilor cu autism, avand ca scop recuperarea copiilor nostri.\u00centr-o lume \u00een care a fi diferit nu este tolerat u\u0219or, \u00een care dreptul la educa\u021bie \u0219i o copil\u0103rie fericit\u0103 este furat de diagnostice pe care copiii le primesc din ce \u00een ce mai des, am \u00een\u021beles c\u0103 \u00eempreun\u0103, p\u0103rin\u021bi \u0219i speciali\u0219ti trebuie s\u0103 lupt\u0103m impreuna pentru recuperarea copiilor <\/strong><strong>no\u0219tri.In prezent 1 din 44 de b\u0103ie\u0163i \u015fi 1 din 84 de fete sufera de tulburare din spectrul autist.<\/strong><\/p>\n<p><strong>Asociatia a fost \u00eenfiin\u021bat\u0103 \u00een anul 2018 de 5 p\u0103rin\u021bi cu copii diagnostica\u021bi cu autism. \u00centre timp numarul copiilor de care ne ocupam a ajuns la 32. Vorbim despre copii cu afec\u021biuni din gama autismului ,TSA, ADHD, retard \u00een dezvoltare, copii cu Cerin\u021be Educa\u021bionale Speciale.(CES)<\/strong><br \/>\n<strong>Am pornit pe acest drum deoarece \u00een Media\u0219 nu sunt suficiente locuri pentru a trata aceste afec\u021biuni \u0219i ne-am g\u00e2ndit c\u0103 e timpul ca noi, p\u0103rin\u021bii, s\u0103 ne implic\u0103m.<\/strong><br \/>\n<strong>Ace\u0219ti copii au nevoie ca si tratament de terapie, au nevoie de terapie comportamental\u0103, terapie senzorial\u0103, logopedie, ergoterapie, terapii care ar trebui f\u0103cute zilnic \u0219i nu ar trebui \u00eentrerupte. Aceste terapii cost\u0103 enorm. Copii din asocia\u021bie au v\u00e2rste cuprinse \u00eentre 3 si 13 ani \u0219i mul\u021bi au \u0219anse de recuperare.<\/strong><br \/>\n<strong>Asocia\u021bia Sf\u00e2ntul Casian a dorit \u00eenfin\u021barea unui centru de zi pentru copii, unde terapia s\u0103 fie gratis. P\u00e2n\u0103 nu demult ni s-a spus c\u0103 nu exist\u0103 a\u0219a ceva \u0219i nu va exista niciodat\u0103. Ei bine, noi, nu ne-am mul\u021bumit cu acest r\u0103spuns \u0219i am continuat \u201c lupta\u201d.<\/strong><br \/>\n<strong>Noi am crezut c\u0103 vom reu\u0219i si nu vom ceda. \u00cen urma mai multor discu\u021bii cu Consiliul Jude\u021bean \u0219i Prim\u0103ria Media\u0219, s-au hot\u0103r\u00e2t s\u0103 ne ajute urm\u00e2nd s\u0103 ne pl\u0103teasc\u0103 salariile a 3 terapeu\u021bi \u0219i ne-au oferit un spa\u021biu \u00een care s\u0103 ne desf\u0103\u0219ur\u0103m activitatea. Pentru noi asta \u00eenseamn\u0103 c\u0103 \u00een sf\u00e2r\u0219it cerul a devenit albastru, c\u0103 nu ne-am luptat degeaba.<\/strong><br \/>\n<strong>Avem \u00eenc\u0103 nevoie de materiale didactice, de materiale pentru sala senzorial\u0103 , vom avea cheltuieli cu deschiderea spa\u021biului.<\/strong><\/p>\n<p><strong>A\u0219a c\u0103 ceea ce p\u0103rea la \u00eenceput doar un vis, ast\u0103zi este o realitate \u00eembucur\u0103toare. De\u015fi avem putin timp de la \u00eenfiin\u0163are, Asociatia Sfantul Casian Medias a devenit puntea pe care copiii ace\u015ftia speciali, cu TSA, autism si ADHD ie\u015find din izolare, p\u0103\u015fesc \u00een lumea pe care o merit\u0103. La toate acestea se adaug\u0103 ingredientul esen\u0163ial: &#8222;Copiii cu nevoi speciale se hr\u0103nesc cu atentie, iubire si jocuri.&#8222;<\/strong><\/p>\n","protected":false},"excerpt":{"rendered":"<p>Povestea noastra \u00a0 \u00a0 \u00a0 \u00a0 Suntem o asociatie din orasul Medias jud Sibiu compusa din \u00a0p\u0103rin\u021bi a copiilor cu autism, avand ca scop recuperarea copiilor nostri.\u00centr-o lume \u00een care a fi diferit nu este tolerat u\u0219or, \u00een care dreptul la educa\u021bie \u0219i o copil\u0103rie fericit\u0103 este furat de diagnostice pe care copiii le primesc &hellip; <\/p>\n<p class=\"link-more\"><a href=\"https:\/\/asca.ro\/ro\/povestea-noastra\/\" class=\"more-link\">Continue reading<span class=\"screen-reader-text\"> &#8222;Povestea Noastr\u0103&#8221;<\/span><\/a><\/p>\n","protected":false},"author":2,"featured_media":0,"parent":0,"menu_order":0,"comment_status":"closed","ping_status":"closed","template":"","meta":{"give_campaign_id":0,"footnotes":""},"class_list":["post-594","page","type-page","status-publish","hentry"],"campaignId":"","_links":{"self":[{"href":"https:\/\/asca.ro\/ro\/wp-json\/wp\/v2\/pages\/594","targetHints":{"allow":["GET"]}}],"collection":[{"href":"https:\/\/asca.ro\/ro\/wp-json\/wp\/v2\/pages"}],"about":[{"href":"https:\/\/asca.ro\/ro\/wp-json\/wp\/v2\/types\/page"}],"author":[{"embeddable":true,"href":"https:\/\/asca.ro\/ro\/wp-json\/wp\/v2\/users\/2"}],"replies":[{"embeddable":true,"href":"https:\/\/asca.ro\/ro\/wp-json\/wp\/v2\/comments?post=594"}],"version-history":[{"count":7,"href":"https:\/\/asca.ro\/ro\/wp-json\/wp\/v2\/pages\/594\/revisions"}],"predecessor-version":[{"id":1477,"href":"https:\/\/asca.ro\/ro\/wp-json\/wp\/v2\/pages\/594\/revisions\/1477"}],"wp:attachment":[{"href":"https:\/\/asca.ro\/ro\/wp-json\/wp\/v2\/media?parent=594"}],"curies":[{"name":"wp","href":"https:\/\/api.w.org\/{rel}","templated":true}]}}